{"id":1028,"date":"2019-01-08T19:33:38","date_gmt":"2019-01-08T19:33:38","guid":{"rendered":"http:\/\/casademacau.pt\/?page_id=1028"},"modified":"2019-03-22T17:19:11","modified_gmt":"2019-03-22T17:19:11","slug":"ligacoes","status":"publish","type":"page","link":"https:\/\/casademacau.pt\/?page_id=1028","title":{"rendered":"Liga\u00e7\u00f5es"},"content":{"rendered":"<p style=\"font-style: normal; font-variant-caps: normal; margin-top: 10px; margin-bottom: 15px; caret-color: #646464; color: #646464; font-family: Arial, Helvetica, sans-serif; font-size: 12px;\"><a style=\"color: #e2671d;\" title=\"Governo da RAEM\" href=\"http:\/\/www.gov.mo\/egi\/Portal\/index.htm\" target=\"_blank\" rel=\"noopener\">Governo da RAEM<\/a><\/p>\n<ol style=\"font-style: normal; font-variant-caps: normal; margin-top: 10px; margin-bottom: 10px; margin-left: 0px; padding-left: 30px; caret-color: #646464; color: #646464; font-family: Arial, Helvetica, sans-serif; font-size: 12px;\">\n<li>Funda\u00e7\u00f5es\n<ol style=\"margin-top: 10px; margin-bottom: 10px; margin-left: 0px; padding-left: 30px;\">\n<li><a style=\"color: #e2671d;\" title=\"Funda\u00e7\u00e3o Casa de Macau\" href=\"http:\/\/www.fundacaocasamacau.org\/\" target=\"_blank\" rel=\"noopener\">Funda\u00e7\u00e3o Casa de Macau<\/a><\/li>\n<li><a style=\"color: #e2671d;\" title=\"Funda\u00e7\u00e3o Macau\" href=\"http:\/\/www.fmac.org.mo\/\" target=\"_blank\" rel=\"noopener\">Funda\u00e7\u00e3o Macau<\/a><\/li>\n<li><a style=\"color: #e2671d;\" title=\"Funda\u00e7\u00e3o Oriente\" href=\"http:\/\/www.foriente.pt\/\" target=\"_blank\" rel=\"noopener\">Funda\u00e7\u00e3o Oriente<\/a><\/li>\n<li><a style=\"color: #e2671d;\" title=\"Funda\u00e7\u00e3o Jorge \u00c1lvares \" href=\"http:\/\/www.jorgealvares.com\/\" target=\"_blank\" rel=\"noopener\">Funda\u00e7\u00e3o Jorge \u00c1lvares<\/a><\/li>\n<\/ol>\n<\/li>\n<li>Comercial\n<ol style=\"margin-top: 10px; margin-bottom: 10px; margin-left: 0px; padding-left: 30px;\">\n<li><a style=\"color: #e2671d;\" title=\"DECMacau\" href=\"http:\/\/www.decmacau.pt\/\" target=\"_blank\" rel=\"noopener\">DECMacau<\/a><\/li>\n<li><a style=\"color: #e2671d;\" title=\"Instituto de Promo\u00e7\u00e3o do Com\u00e9rcio e do Investimento de Macau\" href=\"http:\/\/www.ipim.gov.mo\/index.php?lang=pt-pt\" target=\"_blank\" rel=\"noopener\">Instituto de Promo\u00e7\u00e3o do Com\u00e9rcio e do Investimento de Macau<\/a><\/li>\n<\/ol>\n<\/li>\n<li>Turismo\n<ol style=\"margin-top: 10px; margin-bottom: 10px; margin-left: 0px; padding-left: 30px;\">\n<li><a style=\"color: #e2671d;\" title=\"Direc\u00e7\u00e3o dos Servi\u00e7os de Turismo (Macau)\" href=\"http:\/\/www.macautourism.gov.mo\/\" target=\"_blank\" rel=\"noopener\">Direc\u00e7\u00e3o dos Servi\u00e7os de Turismo (Macau)<\/a><\/li>\n<\/ol>\n<\/li>\n<li>Cultural\n<ol style=\"margin-top: 10px; margin-bottom: 10px; margin-left: 0px; padding-left: 30px;\">\n<li><a style=\"color: #e2671d;\" title=\"Centro Cient\u00edfico e Cultural de Macau, I.P.\" href=\"http:\/\/www.cccm.mctes.pt\/\" target=\"_blank\" rel=\"noopener\">Centro Cient\u00edfico e Cultural de Macau, I.P.<\/a><\/li>\n<\/ol>\n<\/li>\n<li>Identifica\u00e7\u00e3o\n<ol style=\"margin-top: 10px; margin-bottom: 10px; margin-left: 0px; padding-left: 30px;\">\n<li><a style=\"color: #e2671d;\" title=\"Direc\u00e7\u00e3o dos Servi\u00e7os de Identifica\u00e7\u00e3o (Macau)\" href=\"http:\/\/www.dsi.gov.mo\/\" target=\"_blank\" rel=\"noopener\">Direc\u00e7\u00e3o dos Servi\u00e7os de Identifica\u00e7\u00e3o (Macau)<\/a><\/li>\n<\/ol>\n<\/li>\n<li>Assembleia Legislativa\n<ol style=\"margin-top: 10px; margin-bottom: 10px; margin-left: 0px; padding-left: 30px;\">\n<li><a style=\"color: #e2671d;\" title=\"Assembleia Legislativa\" href=\"http:\/\/www.al.gov.mo\/\" target=\"_blank\" rel=\"noopener\">Assembleia Legislativa<\/a><\/li>\n<\/ol>\n<\/li>\n<li>Outros\n<ol style=\"margin-top: 10px; margin-bottom: 10px; margin-left: 0px; padding-left: 30px;\">\n<li><a style=\"color: #e2671d;\" title=\"Instituto Internacional de Macau\" href=\"http:\/\/www.iimacau.org.mo\/index.php?option=com_frontpage&amp;Itemid=1\" target=\"_blank\" rel=\"noopener\">Instituto Internacional de Macau<\/a><\/li>\n<li><a style=\"color: #e2671d;\" title=\"Conselho das Comunidades Macaenses\" href=\"http:\/\/www.apim.org.mo\/ccm\/casas_de_macau.html\" target=\"_blank\" rel=\"noopener\">Conselho das Comunidades Macaenses<\/a><\/li>\n<li><a style=\"color: #e2671d;\" title=\"APIM\" href=\"http:\/\/www.apim.org.mo\/\" target=\"_blank\" rel=\"noopener\">APIM<\/a><\/li>\n<li><a style=\"color: #e2671d;\" title=\"Confraria da Gastronomia Macaense\" href=\"http:\/\/www.apim.org.mo\/confraria\/\" target=\"_blank\" rel=\"noopener\">Confraria da Gastronomia Macaense<\/a><\/li>\n<\/ol>\n<\/li>\n<li>Di\u00e1spora Macaense\n<ol style=\"margin-top: 10px; margin-bottom: 10px; margin-left: 0px; padding-left: 30px;\">\n<li><a style=\"color: #e2671d;\" title=\"Casa de Macau Austr\u00e1lia\" href=\"http:\/\/www.casademacau.org.au\/\" target=\"_blank\" rel=\"noopener\">Casa de Macau Austr\u00e1lia<\/a><\/li>\n<li><span style=\"color: #ff6600;\"><a style=\"color: #ff6600;\" href=\"https:\/\/casademacaurj.com\">Casa de Macau do Rio de Janeiro<\/a><\/span><\/li>\n<li><a style=\"color: #e2671d;\" title=\"Casa de Macau S. Paulo\" href=\"http:\/\/www.casademacausp.com.br\/\" target=\"_blank\" rel=\"noopener\">Casa de Macau S. Paulo<\/a><\/li>\n<li><a style=\"color: #e2671d;\" title=\"Casa de Macau no Canad\u00e1 (Toronto)\" href=\"http:\/\/www.casademacau.ca\/\" target=\"_blank\" rel=\"noopener\">Casa de Macau no Canad\u00e1 (Toronto)<\/a><\/li>\n<li><a style=\"color: #e2671d;\" title=\"Macao Club (Toronto) Inc.\" href=\"mailto:%20%3Cscript%20language='JavaScript'%20type='text\/javascript'%3E%20%3C!--%20var%20prefix%20=%20'mailto:';%20var%20suffix%20=%20'';%20var%20attribs%20=%20'';%20var%20path%20=%20'hr'%20+%20'ef'%20+%20'=';%20var%20addy50592%20=%20'macaoclub'%20+%20'@';%20addy50592%20=%20addy50592%20+%20'rogers'%20+%20'.'%20+%20'com';%20document.write(%20'%3Ca%20'%20+%20path%20+%20'\/''%20+%20prefix%20+%20addy50592%20+%20suffix%20+%20'\/''%20+%20attribs%20+%20'%3E'%20);%20document.write(%20addy50592%20);%20document.write(%20'%3C\/\/a%3E'%20);%20\/\/--%3E%20%3C\/script%3E%3Cscript%20language='JavaScript'%20type='text\/javascript'%3E%20%3C!--%20document.write(%20'%3Cspan%20style=\/'display:%20none;\/'%3E'%20);%20\/\/--%3E%20%3C\/script%3EEste%20endere%C3%A7o%20de%20e-mail%20est%C3%A1%20protegido%20de%20spam%20bots,%20pelo%20que%20necessita%20do%20Javascript%20activado%20para%20o%20visualizar%20%3Cscript%20language='JavaScript'%20type='text\/javascript'%3E%20%3C!--%20document.write(%20'%3C\/'%20);%20document.write(%20'span%3E'%20);%20\/\/--%3E%20%3C\/script%3E\" target=\"_blank\" rel=\"noopener\">Macao Club (Toronto) Inc.<\/a><\/li>\n<li><a style=\"color: #e2671d;\" title=\"Casa de Macau Vancouver\" href=\"http:\/\/www.casademacau.org\/\" target=\"_blank\" rel=\"noopener\">Casa de Macau Vancouver<\/a><\/li>\n<li><a style=\"color: #e2671d;\" title=\"Macau Cultural Association of Western Canada\" href=\"http:\/\/www.casademacau.net\/\" target=\"_blank\" rel=\"noopener\">Macau Cultural Association of Western Canada<\/a><\/li>\n<li><a style=\"color: #e2671d;\" href=\"mailto:info@clublusitano.com\" target=\"_blank\" rel=\"noopener\">Club Lusitano de Hong Kong<\/a><\/li>\n<li><a style=\"color: #e2671d;\" title=\"http:\/\/www.casademacau.pt \" href=\"http:\/\/www.casademacau.pt\/undefined\/\" target=\"_self\">Casa de Macau em Portugal<\/a><\/li>\n<li><a style=\"color: #e2671d;\" href=\"mailto:hjmanhao1@yahoo.com\" target=\"_blank\" rel=\"noopener\">Casa de Macau USA<\/a><\/li>\n<li><a style=\"color: #e2671d;\" title=\"Lusitano Club of California\" href=\"http:\/\/www.lusitanousa.org\/\" target=\"_blank\" rel=\"noopener\">Lusitano Club of California<\/a><\/li>\n<li><a style=\"color: #e2671d;\" href=\"http:\/\/www.uma-casademacau.com\/\">Uni\u00e3o Macaense Americana Inc. (UMA, INC.)<\/a><\/li>\n<li><span style=\"color: #ff6600;\"><a style=\"color: #ff6600;\" href=\"https:\/\/www.ukmacauhouse.com\">UK Macau House<\/a><\/span><\/li>\n<li><a href=\"http:\/\/www.admac.org\"><span style=\"color: #ff6600;\">Associa\u00e7\u00e3o dos Macaenses<\/span><\/a><\/li>\n<li><a href=\"https:\/\/www.ajmacaenses.com\"><span style=\"color: #ff6600;\">Associa\u00e7\u00e3o dos Jovens Macaenses<\/span><\/a><\/li>\n<li><a style=\"color: #e2671d;\" href=\"http:\/\/www.memoriamacaense.org\/projectomemoriamacaense\/index.html\">Projecto Mem\u00f3ria Macaense<\/a><\/li>\n<li><a style=\"color: #e2671d;\" href=\"http:\/\/www.macanesefamilies.com\/\">Macanese Families Website<\/a><\/li>\n<\/ol>\n<\/li>\n<li>Comunica\u00e7\u00e3o social<\/li>\n<\/ol>\n<p style=\"font-style: normal; font-variant-caps: normal; margin-top: 10px; margin-bottom: 15px; caret-color: #646464; color: #646464; font-family: Arial, Helvetica, sans-serif; font-size: 12px;\">\u00a0\u00a0 \u00a0 \u00a0 \u00a0 \u00a0 9.1. Jornais de Macau &#8211;\u00a0Publica\u00e7\u00f5es em Portugu\u00eas<\/p>\n<ol style=\"font-style: normal; font-variant-caps: normal; margin-top: 10px; margin-bottom: 10px; margin-left: 0px; padding-left: 30px; caret-color: #646464; color: #646464; font-family: Arial, Helvetica, sans-serif; font-size: 12px;\">\n<li><a style=\"color: #e2671d;\" title=\"Jornal Tribuna de Macau\" href=\"http:\/\/www.jtm.com.mo\/\" target=\"_blank\" rel=\"noopener\">Jornal Tribuna de Macau<\/a><\/li>\n<li><a style=\"color: #e2671d;\" title=\"Jornal Hoje Macau\" href=\"http:\/\/hojemacau.com.mo\/\" target=\"_blank\" rel=\"noopener\">Jornal Hoje Macau<\/a><\/li>\n<li><a style=\"color: #e2671d;\" title=\"Jornal Ponto Final\" href=\"http:\/\/pontofinalmacau.wordpress.com\/\" target=\"_blank\" rel=\"noopener\">Jornal Ponto Final<\/a><\/li>\n<li><a style=\"color: #e2671d;\" href=\"http:\/\/www.oclarim.com.mo\/\">Jornal O Clarim<\/a><\/li>\n<\/ol>\n<p style=\"font-style: normal; font-variant-caps: normal; margin-top: 10px; margin-bottom: 15px; caret-color: #646464; color: #646464; font-family: Arial, Helvetica, sans-serif; font-size: 12px;\">\u00a0\u00a0 \u00a0 \u00a0 \u00a0 \u00a09.2. Jornais de Macau &#8211;\u00a0Publica\u00e7\u00f5es em Chin\u00eas<\/p>\n<ol style=\"font-style: normal; font-variant-caps: normal; margin-top: 10px; margin-bottom: 10px; margin-left: 0px; padding-left: 30px; caret-color: #646464; color: #646464; font-family: Arial, Helvetica, sans-serif; font-size: 12px;\">\n<li><a style=\"color: #e2671d;\" href=\"http:\/\/www.macaodaily.com\/html\/2011-04\/12\/node_2.htm\">Macao Daily News<\/a><\/li>\n<li><a style=\"color: #e2671d;\" href=\"http:\/\/www.vakiodaily.com\/\">Jornal Va Kio<\/a><\/li>\n<\/ol>\n<p style=\"font-style: normal; font-variant-caps: normal; margin-top: 10px; margin-bottom: 15px; caret-color: #646464; color: #646464; font-family: Arial, Helvetica, sans-serif; font-size: 12px;\">\u00a0\u00a0 \u00a0 \u00a0 \u00a0 \u00a09.3. Televis\u00e3o de Macau<\/p>\n<ol style=\"font-style: normal; font-variant-caps: normal; margin-top: 10px; margin-bottom: 10px; margin-left: 0px; padding-left: 30px; caret-color: #646464; color: #646464; font-family: Arial, Helvetica, sans-serif; font-size: 12px;\">\n<li><a style=\"color: #e2671d;\" href=\"http:\/\/portugues.tdm.com.mo\/\">TDM &#8211;\u00a0Teledifus\u00e3o de Macau, S.A. &#8211; Canal em Portugu\u00eas<\/a><\/li>\n<li><a style=\"color: #e2671d;\" href=\"http:\/\/www.tdm.com.mo\/\">TDM &#8211;\u00a0Teledifus\u00e3o de Macau, S.A. &#8211; Canal em Chin\u00eas<\/a><\/li>\n<\/ol>\n<p style=\"font-style: normal; font-variant-caps: normal; margin-top: 10px; margin-bottom: 15px; caret-color: #646464; color: #646464; font-family: Arial, Helvetica, sans-serif; font-size: 12px;\">\u00a0\u00a0 \u00a010. Ensino<\/p>\n<p style=\"font-style: normal; font-variant-caps: normal; margin-top: 10px; margin-bottom: 15px; caret-color: #646464; color: #646464; font-family: Arial, Helvetica, sans-serif; font-size: 12px;\">\u00a0\u00a0 \u00a0 \u00a0 \u00a0 \u00a0<a style=\"color: #e2671d;\" href=\"http:\/\/www.epmacau.edu.mo\/\">Escola Portuguesa de Macau<\/a><\/p>\n","protected":false},"excerpt":{"rendered":"<p>Governo da RAEM Funda\u00e7\u00f5es Funda\u00e7\u00e3o Casa de Macau Funda\u00e7\u00e3o Macau Funda\u00e7\u00e3o Oriente Funda\u00e7\u00e3o Jorge \u00c1lvares Comercial DECMacau Instituto de Promo\u00e7\u00e3o do Com\u00e9rcio e do Investimento de Macau Turismo Direc\u00e7\u00e3o dos Servi\u00e7os de Turismo (Macau) Cultural Centro Cient\u00edfico e Cultural de Macau, I.P. Identifica\u00e7\u00e3o Direc\u00e7\u00e3o dos Servi\u00e7os de Identifica\u00e7\u00e3o (Macau) Assembleia Legislativa Assembleia Legislativa Outros Instituto [&hellip;]<\/p>\n","protected":false},"author":1,"featured_media":0,"parent":0,"menu_order":0,"comment_status":"closed","ping_status":"closed","template":"","meta":{"footnotes":""},"class_list":["post-1028","page","type-page","status-publish","hentry","entry"],"_links":{"self":[{"href":"https:\/\/casademacau.pt\/index.php?rest_route=\/wp\/v2\/pages\/1028","targetHints":{"allow":["GET"]}}],"collection":[{"href":"https:\/\/casademacau.pt\/index.php?rest_route=\/wp\/v2\/pages"}],"about":[{"href":"https:\/\/casademacau.pt\/index.php?rest_route=\/wp\/v2\/types\/page"}],"author":[{"embeddable":true,"href":"https:\/\/casademacau.pt\/index.php?rest_route=\/wp\/v2\/users\/1"}],"replies":[{"embeddable":true,"href":"https:\/\/casademacau.pt\/index.php?rest_route=%2Fwp%2Fv2%2Fcomments&post=1028"}],"version-history":[{"count":9,"href":"https:\/\/casademacau.pt\/index.php?rest_route=\/wp\/v2\/pages\/1028\/revisions"}],"predecessor-version":[{"id":1250,"href":"https:\/\/casademacau.pt\/index.php?rest_route=\/wp\/v2\/pages\/1028\/revisions\/1250"}],"wp:attachment":[{"href":"https:\/\/casademacau.pt\/index.php?rest_route=%2Fwp%2Fv2%2Fmedia&parent=1028"}],"curies":[{"name":"wp","href":"https:\/\/api.w.org\/{rel}","templated":true}]}}